{"id":2846,"date":"2022-11-24T11:28:50","date_gmt":"2022-11-24T10:28:50","guid":{"rendered":"https:\/\/www.dentex.be\/?page_id=2846"},"modified":"2026-03-11T16:37:26","modified_gmt":"2026-03-11T15:37:26","slug":"actualites","status":"publish","type":"page","link":"https:\/\/www.dentex.be\/fr\/actualites\/","title":{"rendered":"Actualit\u00e9s Dentex"},"content":{"rendered":"\t\t<div data-elementor-type=\"wp-post\" data-elementor-id=\"2846\" class=\"elementor elementor-2846 elementor-2844\" data-elementor-post-type=\"page\">\n\t\t\t\t<div class=\"elementor-element elementor-element-95ec0a2 e-flex e-con-boxed e-con e-parent\" data-id=\"95ec0a2\" data-element_type=\"container\" data-e-type=\"container\">\n\t\t\t\t\t<div class=\"e-con-inner\">\n\t\t\t\t<div class=\"elementor-element elementor-element-f999562 elementor-widget elementor-widget-heading\" data-id=\"f999562\" data-element_type=\"widget\" data-e-type=\"widget\" data-widget_type=\"heading.default\">\n\t\t\t\t<div class=\"elementor-widget-container\">\n\t\t\t\t\t<h1 class=\"elementor-heading-title elementor-size-default\">Actualit\u00e9s Dentex<\/h1>\t\t\t\t<\/div>\n\t\t\t\t<\/div>\n\t\t\t\t\t<\/div>\n\t\t\t\t<\/div>\n\t\t<div class=\"elementor-element elementor-element-c1d8b0b e-flex e-con-boxed e-con e-parent\" data-id=\"c1d8b0b\" data-element_type=\"container\" data-e-type=\"container\">\n\t\t\t\t\t<div class=\"e-con-inner\">\n\t\t<div class=\"elementor-element elementor-element-5121475 e-con-full e-flex e-con e-child\" data-id=\"5121475\" data-element_type=\"container\" data-e-type=\"container\">\n\t\t\t\t<div class=\"elementor-element elementor-element-114c2a0 premium-blog-align-left elementor-widget elementor-widget-premium-addon-blog\" data-id=\"114c2a0\" data-element_type=\"widget\" data-e-type=\"widget\" data-settings=\"{&quot;force_height&quot;:&quot;true&quot;,&quot;premium_blog_columns_number&quot;:&quot;33.33%&quot;,&quot;premium_blog_infinite_scroll&quot;:&quot;yes&quot;,&quot;premium_blog_grid&quot;:&quot;yes&quot;,&quot;premium_blog_layout&quot;:&quot;even&quot;,&quot;premium_blog_columns_number_tablet&quot;:&quot;50%&quot;,&quot;premium_blog_columns_number_mobile&quot;:&quot;100%&quot;}\" data-widget_type=\"premium-addon-blog.default\">\n\t\t\t\t<div class=\"elementor-widget-container\">\n\t\t\t\t\t\n\t\t\n\n\t\t\t\t<div class=\"premium-blog-wrap  premium-blog-even\" data-page=\"2846\">\n\t\t\t\t\t\t\t\t\t<article class=\"premium-blog-post-outer-container\" data-total=\"1\">\n\t\t\t<div class=\"premium-blog-post-container premium-blog-skin-cards\">\n\t\t\t\t\t\t\t\t\t<div class=\"premium-blog-thumb-effect-wrapper\">\n\t\t\t\t\t\t<div class=\"premium-blog-thumbnail-container premium-blog-zoomin-effect\">\n\t\t\t\t\t\t\t\t\t\t\t<a href=\"https:\/\/www.dentex.be\/fr\/arseus-lab-elargit-son-offre-avec-la-multijet-300-et-arum\/\" target=\"_self\" aria-label=\"Arseus Lab \u00e9largit son offre avec la Multijet 300 et Arum\">\n\t\t\t\t<img fetchpriority=\"high\" decoding=\"async\" width=\"1920\" height=\"1273\" src=\"https:\/\/easyfairsassets.com\/sites\/387\/2026\/08\/nextdent-300.jpg\" class=\"attachment-full size-full wp-image-96529\" alt=\"\" srcset=\"https:\/\/easyfairsassets.com\/sites\/387\/2026\/08\/nextdent-300.jpg 1920w, https:\/\/easyfairsassets.com\/sites\/387\/2026\/08\/nextdent-300-300x199.jpg 300w, https:\/\/easyfairsassets.com\/sites\/387\/2026\/08\/nextdent-300-1024x679.jpg 1024w, https:\/\/easyfairsassets.com\/sites\/387\/2026\/08\/nextdent-300-768x509.jpg 768w, https:\/\/easyfairsassets.com\/sites\/387\/2026\/08\/nextdent-300-1536x1018.jpg 1536w\" sizes=\"(max-width: 1920px) 100vw, 1920px\" \/>\t\t\t\t<\/a>\n\t\t\t\t\t\t\t\t\t\t<\/div>\n\t\t\t\t\t\t\t\t\t\t\t\t\t<div class=\"premium-blog-effect-container premium-blog-diagonal-effect\">\n\t\t\t\t\t\t\t\t<a class=\"premium-blog-post-link\" href=\"https:\/\/www.dentex.be\/fr\/arseus-lab-elargit-son-offre-avec-la-multijet-300-et-arum\/\" target=\"_self\">\n\t\t\t\t\t\t\t\t\t<span class=\"elementor-screen-only\">Arseus Lab \u00e9largit son offre avec la Multijet 300 et Arum<\/span>\n\t\t\t\t\t\t\t\t<\/a>\n\t\t\t\t\t\t\t\t\t\t\t\t\t\t\t<\/div>\n\t\t\t\t\t\t\t\t\t\t\t<\/div>\n\t\t\t\t\t\t\t\t\t\t\t\t\t\t\t\t\t\t\t\t\t<div class=\"premium-blog-content-wrapper \">\n\n\t\t\t\t\t<div class=\"premium-blog-inner-container\">\n\n\t\t\t\t\t\t\t\t\t\t\t\t\t\t<h3 class=\"premium-blog-entry-title\">\n\t\t\t<a href=\"https:\/\/www.dentex.be\/fr\/arseus-lab-elargit-son-offre-avec-la-multijet-300-et-arum\/\" target=\"_self\">\n\t\t\t\tArseus Lab \u00e9largit son offre avec la Multijet 300 et Arum\t\t\t<\/a>\n\t\t<\/h3>\n\t\t\n\t\t\t\t\t<\/div>\n\n\t\t\t\t\t\t\t<div class=\"premium-blog-content-inner-wrapper\">\n\t\t<p class=\"premium-blog-post-content\">La 3D Systems Multijet 300 est officiellement approuv\u00e9e Chez Arseus Lab, nous continuons \u00e0 investir dans les derni\u00e8res technologies num\u00e9riques. Nous sommes \u2026<\/p>\t\t<\/div>\n\t\t\t\t<div class=\"premium-blog-entry-meta\">\n\t\t\t\n\t\t\t\n\t\t\t\t\t\t\t<span class=\"premium-blog-meta-separator\">\u2022<\/span>\n\t\t\t\t<div class=\"premium-blog-post-categories premium-blog-meta-data\">\n\t\t\t\t\t<i class=\"fa fa-align-left fa-fw\" aria-hidden=\"true\"><\/i>\n\t\t\t\t\t<a href=\"https:\/\/www.dentex.be\/fr\/category\/nouvelles-des-exposants\/\" rel=\"category tag\">Nouvelles des exposants<\/a>\t\t\t\t<\/div>\n\t\t\t\n\t\t\t\t\t<\/div>\n\t\t\t\t\t\t\t\n\t\t\t\t<\/div>\n\t\t\t<\/div>\n\t\t<\/article>\n\n\t\t\t\t<article class=\"premium-blog-post-outer-container\" data-total=\"1\">\n\t\t\t<div class=\"premium-blog-post-container premium-blog-skin-cards\">\n\t\t\t\t\t\t\t\t\t<div class=\"premium-blog-thumb-effect-wrapper\">\n\t\t\t\t\t\t<div class=\"premium-blog-thumbnail-container premium-blog-zoomin-effect\">\n\t\t\t\t\t\t\t\t\t\t\t<a href=\"https:\/\/www.dentex.be\/fr\/dentistes-verifiez-lidentite-de-vos-patients-en-tiers-payant\/\" target=\"_self\" aria-label=\"Dentistes : v\u00e9rifiez l\u2019identit\u00e9 de vos patients en tiers payant\">\n\t\t\t\t<img decoding=\"async\" width=\"1920\" height=\"751\" src=\"https:\/\/easyfairsassets.com\/sites\/387\/2026\/04\/INAMI-26-36842-Banner-dentiste-2000x782-FR-270324-lm-r2.jpg\" class=\"attachment-full size-full wp-image-93692\" alt=\"inami 26 36842 banner dentiste 2000x782 fr 270324 lm r2\" srcset=\"https:\/\/easyfairsassets.com\/sites\/387\/2026\/04\/INAMI-26-36842-Banner-dentiste-2000x782-FR-270324-lm-r2.jpg 1920w, https:\/\/easyfairsassets.com\/sites\/387\/2026\/04\/INAMI-26-36842-Banner-dentiste-2000x782-FR-270324-lm-r2-300x117.jpg 300w, https:\/\/easyfairsassets.com\/sites\/387\/2026\/04\/INAMI-26-36842-Banner-dentiste-2000x782-FR-270324-lm-r2-1024x401.jpg 1024w, https:\/\/easyfairsassets.com\/sites\/387\/2026\/04\/INAMI-26-36842-Banner-dentiste-2000x782-FR-270324-lm-r2-768x300.jpg 768w, https:\/\/easyfairsassets.com\/sites\/387\/2026\/04\/INAMI-26-36842-Banner-dentiste-2000x782-FR-270324-lm-r2-1536x601.jpg 1536w\" sizes=\"(max-width: 1920px) 100vw, 1920px\" \/>\t\t\t\t<\/a>\n\t\t\t\t\t\t\t\t\t\t<\/div>\n\t\t\t\t\t\t\t\t\t\t\t\t\t<div class=\"premium-blog-effect-container premium-blog-diagonal-effect\">\n\t\t\t\t\t\t\t\t<a class=\"premium-blog-post-link\" href=\"https:\/\/www.dentex.be\/fr\/dentistes-verifiez-lidentite-de-vos-patients-en-tiers-payant\/\" target=\"_self\">\n\t\t\t\t\t\t\t\t\t<span class=\"elementor-screen-only\">Dentistes : v\u00e9rifiez l\u2019identit\u00e9 de vos patients en tiers payant<\/span>\n\t\t\t\t\t\t\t\t<\/a>\n\t\t\t\t\t\t\t\t\t\t\t\t\t\t\t<\/div>\n\t\t\t\t\t\t\t\t\t\t\t<\/div>\n\t\t\t\t\t\t\t\t\t\t\t\t\t\t\t\t\t\t\t\t\t<div class=\"premium-blog-content-wrapper \">\n\n\t\t\t\t\t<div class=\"premium-blog-inner-container\">\n\n\t\t\t\t\t\t\t\t\t\t\t\t\t\t<h3 class=\"premium-blog-entry-title\">\n\t\t\t<a href=\"https:\/\/www.dentex.be\/fr\/dentistes-verifiez-lidentite-de-vos-patients-en-tiers-payant\/\" target=\"_self\">\n\t\t\t\tDentistes : v\u00e9rifiez l\u2019identit\u00e9 de vos patients en tiers payant\t\t\t<\/a>\n\t\t<\/h3>\n\t\t\n\t\t\t\t\t<\/div>\n\n\t\t\t\t\t\t\t<div class=\"premium-blog-content-inner-wrapper\">\n\t\t<p class=\"premium-blog-post-content\">En tant que praticien de l\u2019art dentaire, \u00e0 partir du 1er octobre 2026, vous devrez v\u00e9rifier l&rsquo;identit\u00e9 de vos patients lors de \u2026<\/p>\t\t<\/div>\n\t\t\t\t<div class=\"premium-blog-entry-meta\">\n\t\t\t\n\t\t\t\n\t\t\t\t\t\t\t<span class=\"premium-blog-meta-separator\">\u2022<\/span>\n\t\t\t\t<div class=\"premium-blog-post-categories premium-blog-meta-data\">\n\t\t\t\t\t<i class=\"fa fa-align-left fa-fw\" aria-hidden=\"true\"><\/i>\n\t\t\t\t\t<a href=\"https:\/\/www.dentex.be\/fr\/category\/nouvelles-du-secteur\/\" rel=\"category tag\">Nouvelles du secteur<\/a>\t\t\t\t<\/div>\n\t\t\t\n\t\t\t\t\t<\/div>\n\t\t\t\t\t\t\t\n\t\t\t\t<\/div>\n\t\t\t<\/div>\n\t\t<\/article>\n\n\t\t\t\t<article class=\"premium-blog-post-outer-container\" data-total=\"1\">\n\t\t\t<div class=\"premium-blog-post-container premium-blog-skin-cards\">\n\t\t\t\t\t\t\t\t\t<div class=\"premium-blog-thumb-effect-wrapper\">\n\t\t\t\t\t\t<div class=\"premium-blog-thumbnail-container premium-blog-zoomin-effect\">\n\t\t\t\t\t\t\t\t\t\t\t<a href=\"https:\/\/www.dentex.be\/fr\/tendances-dans-le-secteur-dentaire\/\" target=\"_self\" aria-label=\"Tendances dans le secteur dentaire\">\n\t\t\t\t<img decoding=\"async\" width=\"1280\" height=\"1920\" src=\"https:\/\/easyfairsassets.com\/sites\/387\/2022\/11\/pexels-karolina-grabowska-4202924-e1669280231516.jpg\" class=\"attachment-full size-full wp-image-52400\" alt=\"\" \/>\t\t\t\t<\/a>\n\t\t\t\t\t\t\t\t\t\t<\/div>\n\t\t\t\t\t\t\t\t\t\t\t\t\t<div class=\"premium-blog-effect-container premium-blog-diagonal-effect\">\n\t\t\t\t\t\t\t\t<a class=\"premium-blog-post-link\" href=\"https:\/\/www.dentex.be\/fr\/tendances-dans-le-secteur-dentaire\/\" target=\"_self\">\n\t\t\t\t\t\t\t\t\t<span class=\"elementor-screen-only\">Tendances dans le secteur dentaire<\/span>\n\t\t\t\t\t\t\t\t<\/a>\n\t\t\t\t\t\t\t\t\t\t\t\t\t\t\t<\/div>\n\t\t\t\t\t\t\t\t\t\t\t<\/div>\n\t\t\t\t\t\t\t\t\t\t\t\t\t\t\t\t\t\t\t\t\t<div class=\"premium-blog-content-wrapper \">\n\n\t\t\t\t\t<div class=\"premium-blog-inner-container\">\n\n\t\t\t\t\t\t\t\t\t\t\t\t\t\t<h3 class=\"premium-blog-entry-title\">\n\t\t\t<a href=\"https:\/\/www.dentex.be\/fr\/tendances-dans-le-secteur-dentaire\/\" target=\"_self\">\n\t\t\t\tTendances dans le secteur dentaire\t\t\t<\/a>\n\t\t<\/h3>\n\t\t\n\t\t\t\t\t<\/div>\n\n\t\t\t\t\t\t\t<div class=\"premium-blog-content-inner-wrapper\">\n\t\t<p class=\"premium-blog-post-content\">Des changements majeurs se pr\u00e9parent dans de nombreux secteurs, y compris le secteur dentaire. Nous souhaitons vous donner un bref aper\u00e7u des \u2026<\/p>\t\t<\/div>\n\t\t\t\t<div class=\"premium-blog-entry-meta\">\n\t\t\t\n\t\t\t\n\t\t\t\t\t\t\t<span class=\"premium-blog-meta-separator\">\u2022<\/span>\n\t\t\t\t<div class=\"premium-blog-post-categories premium-blog-meta-data\">\n\t\t\t\t\t<i class=\"fa fa-align-left fa-fw\" aria-hidden=\"true\"><\/i>\n\t\t\t\t\t<a href=\"https:\/\/www.dentex.be\/fr\/category\/non-classifiee\/\" rel=\"category tag\">Non classifi\u00e9(e)<\/a>, <a href=\"https:\/\/www.dentex.be\/fr\/category\/nouvelles-du-secteur\/\" rel=\"category tag\">Nouvelles du secteur<\/a>\t\t\t\t<\/div>\n\t\t\t\n\t\t\t\t\t<\/div>\n\t\t\t\t\t\t\t\n\t\t\t\t<\/div>\n\t\t\t<\/div>\n\t\t<\/article>\n\n\t\t\t\t<article class=\"premium-blog-post-outer-container\" data-total=\"1\">\n\t\t\t<div class=\"premium-blog-post-container premium-blog-skin-cards\">\n\t\t\t\t\t\t\t\t\t<div class=\"premium-blog-thumb-effect-wrapper\">\n\t\t\t\t\t\t<div class=\"premium-blog-thumbnail-container premium-blog-zoomin-effect\">\n\t\t\t\t\t\t\t\t\t\t\t<a href=\"https:\/\/www.dentex.be\/fr\/dentex-2022-en-images\/\" target=\"_self\" aria-label=\"Dentex 2022 en images\">\n\t\t\t\t<img loading=\"lazy\" decoding=\"async\" width=\"1280\" height=\"1920\" src=\"https:\/\/easyfairsassets.com\/sites\/387\/2022\/11\/4T2H5464-e1671031074550.jpg\" class=\"attachment-full size-full wp-image-52496\" alt=\"\" \/>\t\t\t\t<\/a>\n\t\t\t\t\t\t\t\t\t\t<\/div>\n\t\t\t\t\t\t\t\t\t\t\t\t\t<div class=\"premium-blog-effect-container premium-blog-diagonal-effect\">\n\t\t\t\t\t\t\t\t<a class=\"premium-blog-post-link\" href=\"https:\/\/www.dentex.be\/fr\/dentex-2022-en-images\/\" target=\"_self\">\n\t\t\t\t\t\t\t\t\t<span class=\"elementor-screen-only\">Dentex 2022 en images<\/span>\n\t\t\t\t\t\t\t\t<\/a>\n\t\t\t\t\t\t\t\t\t\t\t\t\t\t\t<\/div>\n\t\t\t\t\t\t\t\t\t\t\t<\/div>\n\t\t\t\t\t\t\t\t\t\t\t\t\t\t\t\t\t\t\t\t\t<div class=\"premium-blog-content-wrapper \">\n\n\t\t\t\t\t<div class=\"premium-blog-inner-container\">\n\n\t\t\t\t\t\t\t\t\t\t\t\t\t\t<h3 class=\"premium-blog-entry-title\">\n\t\t\t<a href=\"https:\/\/www.dentex.be\/fr\/dentex-2022-en-images\/\" target=\"_self\">\n\t\t\t\tDentex 2022 en images\t\t\t<\/a>\n\t\t<\/h3>\n\t\t\n\t\t\t\t\t<\/div>\n\n\t\t\t\t\t\t\t<div class=\"premium-blog-content-inner-wrapper\">\n\t\t<p class=\"premium-blog-post-content\">La\u00a022e \u00e9dition\u00a0de dentex a \u00e9t\u00e9 un succ\u00e8s. Pendant trois jours, les visiteurs ont pu assister \u00e0 des\u00a0conf\u00e9rences\u00a0et des\u00a0ateliers\u00a0int\u00e9ressants. En outre, ils ont \u2026<\/p>\t\t<\/div>\n\t\t\t\t<div class=\"premium-blog-entry-meta\">\n\t\t\t\n\t\t\t\n\t\t\t\t\t\t\t<span class=\"premium-blog-meta-separator\">\u2022<\/span>\n\t\t\t\t<div class=\"premium-blog-post-categories premium-blog-meta-data\">\n\t\t\t\t\t<i class=\"fa fa-align-left fa-fw\" aria-hidden=\"true\"><\/i>\n\t\t\t\t\t<a href=\"https:\/\/www.dentex.be\/fr\/category\/dentex-news-fr\/nouvelles-du-salon\/\" rel=\"category tag\">Nouvelles du salon<\/a>\t\t\t\t<\/div>\n\t\t\t\n\t\t\t\t\t<\/div>\n\t\t\t\t\t\t\t\n\t\t\t\t<\/div>\n\t\t\t<\/div>\n\t\t<\/article>\n\n\t\t\t\t<article class=\"premium-blog-post-outer-container\" data-total=\"1\">\n\t\t\t<div class=\"premium-blog-post-container premium-blog-skin-cards\">\n\t\t\t\t\t\t\t\t\t<div class=\"premium-blog-thumb-effect-wrapper\">\n\t\t\t\t\t\t<div class=\"premium-blog-thumbnail-container premium-blog-zoomin-effect\">\n\t\t\t\t\t\t\t\t\t\t\t<a href=\"https:\/\/www.dentex.be\/fr\/labo-one-belgium-dental\/\" target=\"_self\" aria-label=\"LABO ONE &#8211; BELGIUM DENTAL\">\n\t\t\t\t<img loading=\"lazy\" decoding=\"async\" width=\"1299\" height=\"604\" src=\"https:\/\/easyfairsassets.com\/sites\/387\/2022\/11\/logoLaboOne2022.gif\" class=\"attachment-full size-full wp-image-52331\" alt=\"\" \/>\t\t\t\t<\/a>\n\t\t\t\t\t\t\t\t\t\t<\/div>\n\t\t\t\t\t\t\t\t\t\t\t\t\t<div class=\"premium-blog-effect-container premium-blog-diagonal-effect\">\n\t\t\t\t\t\t\t\t<a class=\"premium-blog-post-link\" href=\"https:\/\/www.dentex.be\/fr\/labo-one-belgium-dental\/\" target=\"_self\">\n\t\t\t\t\t\t\t\t\t<span class=\"elementor-screen-only\">LABO ONE &#8211; BELGIUM DENTAL<\/span>\n\t\t\t\t\t\t\t\t<\/a>\n\t\t\t\t\t\t\t\t\t\t\t\t\t\t\t<\/div>\n\t\t\t\t\t\t\t\t\t\t\t<\/div>\n\t\t\t\t\t\t\t\t\t\t\t\t\t\t\t\t\t\t\t\t\t<div class=\"premium-blog-content-wrapper \">\n\n\t\t\t\t\t<div class=\"premium-blog-inner-container\">\n\n\t\t\t\t\t\t\t\t\t\t\t\t\t\t<h3 class=\"premium-blog-entry-title\">\n\t\t\t<a href=\"https:\/\/www.dentex.be\/fr\/labo-one-belgium-dental\/\" target=\"_self\">\n\t\t\t\tLABO ONE &#8211; BELGIUM DENTAL\t\t\t<\/a>\n\t\t<\/h3>\n\t\t\n\t\t\t\t\t<\/div>\n\n\t\t\t\t\t\t\t<div class=\"premium-blog-content-inner-wrapper\">\n\t\t<p class=\"premium-blog-post-content\">Laboratoire de *proth\u00e8ses dentaires fixes* &amp; *amovibles* depuis 20 ans. R\u00e9cemment implant\u00e9s en Belgique et au Luxembourg, \u00e9quipe des derniers scanners 3shape, \u2026<\/p>\t\t<\/div>\n\t\t\t\t<div class=\"premium-blog-entry-meta\">\n\t\t\t\n\t\t\t\n\t\t\t\t\t\t\t<span class=\"premium-blog-meta-separator\">\u2022<\/span>\n\t\t\t\t<div class=\"premium-blog-post-categories premium-blog-meta-data\">\n\t\t\t\t\t<i class=\"fa fa-align-left fa-fw\" aria-hidden=\"true\"><\/i>\n\t\t\t\t\t<a href=\"https:\/\/www.dentex.be\/fr\/category\/partnerflash-fr\/\" rel=\"category tag\">Partnerflash<\/a>\t\t\t\t<\/div>\n\t\t\t\n\t\t\t\t\t<\/div>\n\t\t\t\t\t\t\t\n\t\t\t\t<\/div>\n\t\t\t<\/div>\n\t\t<\/article>\n\n\t\t\t\t\t\t\t<\/div>\n\n\t\t\n\t\t\n\t\t\t\t\t\t<\/div>\n\t\t\t\t<\/div>\n\t\t\t\t<\/div>\n\t\t\t\t\t<\/div>\n\t\t\t\t<\/div>\n\t\t\t\t<\/div>\n\t\t","protected":false},"excerpt":{"rendered":"<p>Actualit\u00e9s Dentex Trends in de dentale sector Trends in de dentale sector In veel sectoren zijn er grote veranderingen op komst, zo ook in de dentale sector.\u00a0Maar wat zijn de trends binnen de dentale \u2026 \u2022 sectornieuws LABO ONE &#8211; BELGIUM DENTAL LABO ONE &#8211; BELGIUM DENTAL Laboratorium van *vaste* en *verwijderbare tandprothesen* sinds 20 [&hellip;]<\/p>\n","protected":false},"author":10,"featured_media":0,"parent":0,"menu_order":0,"comment_status":"closed","ping_status":"closed","template":"","meta":{"_seopress_titles_title":"Actualit\u00e9s Dentex","_seopress_titles_desc":"Dentex est l&#039;\u00e9v\u00e9nement commercial le plus important pour le secteur dentaire en Belgique. C&#039;est le lieu de rencontre pour entrer en contact avec les plus grands acteurs et organisations dentaires du march\u00e9. ","_seopress_robots_index":"","_seopress_robots_follow":"","_seopress_robots_imageindex":"","_seopress_robots_snippet":"","_seopress_robots_primary_cat":"","_seopress_robots_breadcrumbs":"","_seopress_robots_freeze_modified_date":"","_seopress_robots_custom_modified_date":"","_seopress_robots_canonical":"","_seopress_social_fb_title":"","_seopress_social_fb_desc":"","_seopress_social_fb_img":"","_seopress_social_fb_img_attachment_id":0,"_seopress_social_fb_img_width":0,"_seopress_social_fb_img_height":0,"_seopress_social_twitter_title":"","_seopress_social_twitter_desc":"","_seopress_social_twitter_img":"","_seopress_social_twitter_img_attachment_id":0,"_seopress_social_twitter_img_width":0,"_seopress_social_twitter_img_height":0,"_seopress_redirections_value":"","_seopress_redirections_enabled":"","_seopress_redirections_enabled_regex":"","_seopress_redirections_logged_status":"both","_seopress_redirections_param":"","_seopress_redirections_type":301,"_seopress_analysis_target_kw":"","_seopress_news_disabled":"","_seopress_video_disabled":"","_seopress_video":[],"_seopress_pro_schemas_manual":[],"_seopress_pro_rich_snippets_disable_all":"","_seopress_pro_rich_snippets_disable":[],"_seopress_pro_schemas":[],"footnotes":""},"class_list":["post-2846","page","type-page","status-publish","hentry"],"_links":{"self":[{"href":"https:\/\/www.dentex.be\/fr\/wp-json\/wp\/v2\/pages\/2846","targetHints":{"allow":["GET"]}}],"collection":[{"href":"https:\/\/www.dentex.be\/fr\/wp-json\/wp\/v2\/pages"}],"about":[{"href":"https:\/\/www.dentex.be\/fr\/wp-json\/wp\/v2\/types\/page"}],"author":[{"embeddable":true,"href":"https:\/\/www.dentex.be\/fr\/wp-json\/wp\/v2\/users\/10"}],"replies":[{"embeddable":true,"href":"https:\/\/www.dentex.be\/fr\/wp-json\/wp\/v2\/comments?post=2846"}],"version-history":[{"count":0,"href":"https:\/\/www.dentex.be\/fr\/wp-json\/wp\/v2\/pages\/2846\/revisions"}],"wp:attachment":[{"href":"https:\/\/www.dentex.be\/fr\/wp-json\/wp\/v2\/media?parent=2846"}],"curies":[{"name":"wp","href":"https:\/\/api.w.org\/{rel}","templated":true}]}}